{"id":651,"date":"2023-11-23T18:32:00","date_gmt":"2023-11-23T17:32:00","guid":{"rendered":"https:\/\/villapresente.online\/?page_id=651"},"modified":"2025-05-20T11:29:25","modified_gmt":"2025-05-20T09:29:25","slug":"los-piteros-mediavilla","status":"publish","type":"page","link":"https:\/\/villapresente.online\/?page_id=651","title":{"rendered":"LOS PITEROS MEDIAVILLA"},"content":{"rendered":"\n<p>El d\u00eda 8 de octubre de 2016, organizado por <em>\u00abVillapresente en la memoria\u00bb<\/em>, con la colaboraci\u00f3n del <em>\u00abAyuntamiento de Reoc\u00edn\u00bb<\/em> y <em>\u00abLa Junta Vecinal de Villapresente\u00bb<\/em>  rendimos un merecido y sentido homenaje a Joaqu\u00edn y Antonio Mediavilla, <em>\u00ablos piteros de Villapresente\u00bb.<\/em><\/p>\n\n\n\n<figure class=\"wp-block-image size-large\"><img loading=\"lazy\" decoding=\"async\" width=\"724\" height=\"1024\" src=\"https:\/\/villapresente.online\/wp-content\/uploads\/2023\/12\/CARTEL-PITEROS-DE-VILLAPRESENTE-724x1024.jpg\" alt=\"\" class=\"wp-image-654\" srcset=\"https:\/\/villapresente.online\/wp-content\/uploads\/2023\/12\/CARTEL-PITEROS-DE-VILLAPRESENTE-724x1024.jpg 724w, https:\/\/villapresente.online\/wp-content\/uploads\/2023\/12\/CARTEL-PITEROS-DE-VILLAPRESENTE-212x300.jpg 212w, https:\/\/villapresente.online\/wp-content\/uploads\/2023\/12\/CARTEL-PITEROS-DE-VILLAPRESENTE-768x1087.jpg 768w, https:\/\/villapresente.online\/wp-content\/uploads\/2023\/12\/CARTEL-PITEROS-DE-VILLAPRESENTE-1085x1536.jpg 1085w, https:\/\/villapresente.online\/wp-content\/uploads\/2023\/12\/CARTEL-PITEROS-DE-VILLAPRESENTE-1447x2048.jpg 1447w, https:\/\/villapresente.online\/wp-content\/uploads\/2023\/12\/CARTEL-PITEROS-DE-VILLAPRESENTE-scaled.jpg 1809w\" sizes=\"auto, (max-width: 724px) 100vw, 724px\" \/><\/figure>\n\n\n\n<p>Ha pasado casi un siglo desde su nacimiento y cada vez resulta m\u00e1s complicado actualizar la historia de su leyenda. La preparaci\u00f3n del homenaje nos permiti\u00f3 recuperar fotograf\u00edas, documentos y testimonios generosamente cedidos por su familia. Su virtuosismo era tal que son elegidos por la Diputaci\u00f3n Provincial de Santander para representar a la regi\u00f3n en la Exposici\u00f3n Internacional de Barcelona de 1929. En el caso de Joaqu\u00edn su importancia supera lo meramente art\u00edstico porque fue elegido Presidente de la Junta Vecinal el 10 de enero de 1932 a la vez que el socialista Andr\u00e9s Mira Hernando era elegido alcalde del ayuntamiento de  Reoc\u00edn. En  toda Espa\u00f1a se inicia un periodo convulso en el que las izquierdas y las derechas terminar\u00e1n enfrent\u00e1ndose en la terrible Guerra Civil Espa\u00f1ola; victima de la cual perder\u00e1 su vida Joaqu\u00edn Mediavilla Barahona, en confusas y silenciadas circunstancias que pod\u00e9is ampliar en <\/p>\n\n\n\n<p><a href=\"http:\/\/villapresente.online\/wp-content\/uploads\/2023\/12\/LA-MAESTRA-Y-EL-ALCALDE.pdf\" title=\"\">LA MAESTRA Y EL ALCALDE<\/a><\/p>\n\n\n\n<p><a href=\"http:\/\/villapresente.online\/wp-content\/uploads\/2024\/01\/ACTAS-de-los-CONCEJOS-PRESIDIDOS-POR-JOAQUIN-MEDIAVILLA-BARAHONA-1.pdf\" title=\"\">ACTAS DE LA JUNTA VECINAL PRESIDIDA POR JOAQUIN <\/a>\u00abvillapresente en la memoria\u00bb<\/p>\n\n\n\n<p>Los archivos adjuntos son el pen\u00faltimo homenaje a unos de los personajes m\u00e1s importantes e ic\u00f3nicos de Villapresente.<\/p>\n\n\n\n<p><a href=\"http:\/\/villapresente.online\/wp-content\/uploads\/2023\/12\/homenaje-Mediavilla.ppt\" title=\"\">POWERT POINT EXHIBIDO EN EL HOMENAJE<\/a><\/p>\n\n\n\n<p><a href=\"http:\/\/villapresente.online\/wp-content\/uploads\/2024\/01\/RESUMEN-DEL-HOMENAJE.mp4\" title=\"\">RESUMEN DEL HOMENAJE  \u00abvillapresente en la memoria\u00bb<\/a><\/p>\n\n\n\n<p><a href=\"http:\/\/villapresente.online\/wp-content\/uploads\/2024\/01\/GALERIA-PITEROS.pdf\" title=\"\">GALER\u00cdA \u00abLos Piteros Mediavilla\u00bb<\/a><\/p>\n\n\n\n<p><a href=\"http:\/\/villapresente.online\/wp-content\/uploads\/2024\/01\/musica-de-los-piteros-Mediavilla.mp3\" title=\"\">M\u00daSICA DE LOS HERMANOS MEDIAVILLA<\/a><\/p>\n","protected":false},"excerpt":{"rendered":"<p>El d\u00eda 8 de octubre de 2016, organizado por \u00abVillapresente en la memoria\u00bb, con la colaboraci\u00f3n del \u00abAyuntamiento de Reoc\u00edn\u00bb y \u00abLa Junta Vecinal de Villapresente\u00bb rendimos un merecido y sentido homenaje a Joaqu\u00edn y Antonio Mediavilla, \u00ablos piteros de <a class=\"more-link\" href=\"https:\/\/villapresente.online\/?page_id=651\">Seguir leyendo <span class=\"screen-reader-text\">  LOS PITEROS MEDIAVILLA<\/span><span class=\"meta-nav\">&rarr;<\/span><\/a><\/p>\n","protected":false},"author":1,"featured_media":0,"parent":0,"menu_order":15,"comment_status":"closed","ping_status":"closed","template":"","meta":{"om_disable_all_campaigns":false,"_monsterinsights_skip_tracking":false,"_monsterinsights_sitenote_active":false,"_monsterinsights_sitenote_note":"","_monsterinsights_sitenote_category":0,"footnotes":""},"class_list":["post-651","page","type-page","status-publish","hentry"],"aioseo_notices":[],"_links":{"self":[{"href":"https:\/\/villapresente.online\/index.php?rest_route=\/wp\/v2\/pages\/651","targetHints":{"allow":["GET"]}}],"collection":[{"href":"https:\/\/villapresente.online\/index.php?rest_route=\/wp\/v2\/pages"}],"about":[{"href":"https:\/\/villapresente.online\/index.php?rest_route=\/wp\/v2\/types\/page"}],"author":[{"embeddable":true,"href":"https:\/\/villapresente.online\/index.php?rest_route=\/wp\/v2\/users\/1"}],"replies":[{"embeddable":true,"href":"https:\/\/villapresente.online\/index.php?rest_route=%2Fwp%2Fv2%2Fcomments&post=651"}],"version-history":[{"count":14,"href":"https:\/\/villapresente.online\/index.php?rest_route=\/wp\/v2\/pages\/651\/revisions"}],"predecessor-version":[{"id":1035,"href":"https:\/\/villapresente.online\/index.php?rest_route=\/wp\/v2\/pages\/651\/revisions\/1035"}],"wp:attachment":[{"href":"https:\/\/villapresente.online\/index.php?rest_route=%2Fwp%2Fv2%2Fmedia&parent=651"}],"curies":[{"name":"wp","href":"https:\/\/api.w.org\/{rel}","templated":true}]}}