{"id":394,"date":"2023-11-22T18:09:55","date_gmt":"2023-11-22T17:09:55","guid":{"rendered":"https:\/\/villapresente.online\/?page_id=394"},"modified":"2023-11-29T13:14:35","modified_gmt":"2023-11-29T12:14:35","slug":"el-vivero-forestal","status":"publish","type":"page","link":"https:\/\/villapresente.online\/?page_id=394","title":{"rendered":"EL VIVERO FORESTAL"},"content":{"rendered":"\n<p><strong>El&nbsp;&nbsp; 14&nbsp;&nbsp; de&nbsp; Agosto&nbsp; de&nbsp; 1917,&nbsp;&nbsp; <\/strong>siendo&nbsp;&nbsp; alcalde&nbsp; ped\u00e1neo D.&nbsp; David Mart\u00ednez&nbsp; Guti\u00e9rrez,&nbsp; se&nbsp; re\u00fane&nbsp; la&nbsp; Junta Vecinal del concejo de Villapresente, acordando acceder al arrendamiento de la franja de terreno comprendida entre la l\u00ednea de ferrocarril y el r\u00edo Saja para la instalaci\u00f3n de un vivero forestal dependiente de la Jefatura de Montes con las siguientes condiciones: 1- Por tiempo indefinido. 2- Al objeto solicitado de crear un vivero forestal. 3- Con una renta anual del 4% del valor del terreno. 4- Los obreros ser\u00e1n del pueblo de villapresente. 5- Los \u00e1rboles y le\u00f1as que se necesiten cortar ser\u00e1n para los vecinos del pueblo. 6- En caso de cese de la actividad el monte ser\u00e1 repoblado por la Secci\u00f3n Facultativa de Montes.<\/p>\n\n\n\n<figure class=\"wp-block-image size-large\"><img loading=\"lazy\" decoding=\"async\" width=\"1024\" height=\"724\" src=\"https:\/\/villapresente.online\/wp-content\/uploads\/2023\/11\/plano-instalaciones-1-1024x724.jpg\" alt=\"\" class=\"wp-image-397\" srcset=\"https:\/\/villapresente.online\/wp-content\/uploads\/2023\/11\/plano-instalaciones-1-1024x724.jpg 1024w, https:\/\/villapresente.online\/wp-content\/uploads\/2023\/11\/plano-instalaciones-1-300x212.jpg 300w, https:\/\/villapresente.online\/wp-content\/uploads\/2023\/11\/plano-instalaciones-1-768x543.jpg 768w, https:\/\/villapresente.online\/wp-content\/uploads\/2023\/11\/plano-instalaciones-1-1536x1086.jpg 1536w, https:\/\/villapresente.online\/wp-content\/uploads\/2023\/11\/plano-instalaciones-1-2048x1448.jpg 2048w\" sizes=\"auto, (max-width: 1024px) 100vw, 1024px\" \/><\/figure>\n\n\n\n<p>Cien a\u00f1os despu\u00e9s, del 18 al 27 de julio de 2017, se celebra el centenario de su establecimiento. Los actos se organizan con la colaboraci\u00f3n de  la Consejer\u00eda de Montes del Gobierno de Cantabria, el excelent\u00edsimo Ayuntamiento de Reoc\u00edn, la Junta Vecinal de Villapresente y el proyecto \u00abVillapresente en la memoria\u00bb. Durante una semana se abre al p\u00fablico una exposici\u00f3n con documentos, paneles explicativos, arbustos, \u00e1rboles y otros materiales procedentes del Centro Forestal.<\/p>\n\n\n\n<p><a href=\"http:\/\/villapresente.online\/wp-content\/uploads\/2023\/11\/MEMORIA-total.pdf\" title=\"\">MEMORIA DEL CENTENARIO PDF<\/a><\/p>\n\n\n\n<p><a href=\"http:\/\/villapresente.online\/wp-content\/uploads\/2023\/11\/GALERIA-VIVERO.pdf\" title=\"\">GALERIA VIVERO PDF<\/a><\/p>\n","protected":false},"excerpt":{"rendered":"<p>El&nbsp;&nbsp; 14&nbsp;&nbsp; de&nbsp; Agosto&nbsp; de&nbsp; 1917,&nbsp;&nbsp; siendo&nbsp;&nbsp; alcalde&nbsp; ped\u00e1neo D.&nbsp; David Mart\u00ednez&nbsp; Guti\u00e9rrez,&nbsp; se&nbsp; re\u00fane&nbsp; la&nbsp; Junta Vecinal del concejo de Villapresente, acordando acceder al arrendamiento de la franja de terreno comprendida entre la l\u00ednea de ferrocarril y el r\u00edo <a class=\"more-link\" href=\"https:\/\/villapresente.online\/?page_id=394\">Seguir leyendo <span class=\"screen-reader-text\">  EL VIVERO FORESTAL<\/span><span class=\"meta-nav\">&rarr;<\/span><\/a><\/p>\n","protected":false},"author":1,"featured_media":0,"parent":0,"menu_order":17,"comment_status":"closed","ping_status":"closed","template":"","meta":{"om_disable_all_campaigns":false,"_monsterinsights_skip_tracking":false,"_monsterinsights_sitenote_active":false,"_monsterinsights_sitenote_note":"","_monsterinsights_sitenote_category":0,"footnotes":""},"class_list":["post-394","page","type-page","status-publish","hentry"],"aioseo_notices":[],"_links":{"self":[{"href":"https:\/\/villapresente.online\/index.php?rest_route=\/wp\/v2\/pages\/394","targetHints":{"allow":["GET"]}}],"collection":[{"href":"https:\/\/villapresente.online\/index.php?rest_route=\/wp\/v2\/pages"}],"about":[{"href":"https:\/\/villapresente.online\/index.php?rest_route=\/wp\/v2\/types\/page"}],"author":[{"embeddable":true,"href":"https:\/\/villapresente.online\/index.php?rest_route=\/wp\/v2\/users\/1"}],"replies":[{"embeddable":true,"href":"https:\/\/villapresente.online\/index.php?rest_route=%2Fwp%2Fv2%2Fcomments&post=394"}],"version-history":[{"count":6,"href":"https:\/\/villapresente.online\/index.php?rest_route=\/wp\/v2\/pages\/394\/revisions"}],"predecessor-version":[{"id":459,"href":"https:\/\/villapresente.online\/index.php?rest_route=\/wp\/v2\/pages\/394\/revisions\/459"}],"wp:attachment":[{"href":"https:\/\/villapresente.online\/index.php?rest_route=%2Fwp%2Fv2%2Fmedia&parent=394"}],"curies":[{"name":"wp","href":"https:\/\/api.w.org\/{rel}","templated":true}]}}